{"id":2,"date":"2021-02-02T03:40:02","date_gmt":"2021-02-02T03:40:02","guid":{"rendered":"http:\/\/www.administracionpublica.utalca.cl\/?page_id=2"},"modified":"2026-01-29T21:04:28","modified_gmt":"2026-01-29T21:04:28","slug":"inicio","status":"publish","type":"page","link":"https:\/\/www.administracionpublica.utalca.cl\/","title":{"rendered":"Inicio"},"content":{"rendered":"\t\t<div data-elementor-type=\"wp-page\" data-elementor-id=\"2\" class=\"elementor elementor-2\">\n\t\t\t\t\t\t\t\t\t<section class=\"elementor-section elementor-top-section elementor-element elementor-element-13234c7 elementor-section-boxed elementor-section-height-default elementor-section-height-default\" data-id=\"13234c7\" data-element_type=\"section\">\n\t\t\t\t\t\t<div class=\"elementor-container elementor-column-gap-default\">\n\t\t\t\t\t<div class=\"elementor-column elementor-col-100 elementor-top-column elementor-element elementor-element-bb60d8d\" data-id=\"bb60d8d\" data-element_type=\"column\">\n\t\t\t<div class=\"elementor-widget-wrap elementor-element-populated\">\n\t\t\t\t\t\t\t\t<div class=\"elementor-element elementor-element-8f6e39c elementor--h-position-center elementor--v-position-middle elementor-arrows-position-inside elementor-pagination-position-inside elementor-widget elementor-widget-slides\" data-id=\"8f6e39c\" data-element_type=\"widget\" data-settings=\"{&quot;navigation&quot;:&quot;both&quot;,&quot;autoplay&quot;:&quot;yes&quot;,&quot;pause_on_hover&quot;:&quot;yes&quot;,&quot;pause_on_interaction&quot;:&quot;yes&quot;,&quot;autoplay_speed&quot;:5000,&quot;infinite&quot;:&quot;yes&quot;,&quot;transition&quot;:&quot;slide&quot;,&quot;transition_speed&quot;:500}\" data-widget_type=\"slides.default\">\n\t\t\t\t<div class=\"elementor-widget-container\">\n\t\t\t<style>\/*! elementor-pro - v3.9.2 - 21-12-2022 *\/\n.elementor-slides .swiper-slide-bg{background-size:cover;background-position:50%;background-repeat:no-repeat;min-width:100%;min-height:100%}.elementor-slides .swiper-slide-inner{background-repeat:no-repeat;background-position:50%;position:absolute;top:0;left:0;bottom:0;right:0;padding:50px;margin:auto}.elementor-slides .swiper-slide-inner,.elementor-slides .swiper-slide-inner:hover{color:#fff;display:flex}.elementor-slides .swiper-slide-inner .elementor-background-overlay{position:absolute;z-index:0;top:0;bottom:0;left:0;right:0}.elementor-slides .swiper-slide-inner .elementor-slide-content{position:relative;z-index:1;width:100%}.elementor-slides .swiper-slide-inner .elementor-slide-heading{font-size:35px;font-weight:700;line-height:1}.elementor-slides .swiper-slide-inner .elementor-slide-description{font-size:17px;line-height:1.4}.elementor-slides .swiper-slide-inner .elementor-slide-description:not(:last-child),.elementor-slides .swiper-slide-inner .elementor-slide-heading:not(:last-child){margin-bottom:30px}.elementor-slides .swiper-slide-inner .elementor-slide-button{border:2px solid #fff;color:#fff;background:transparent;display:inline-block}.elementor-slides .swiper-slide-inner .elementor-slide-button,.elementor-slides .swiper-slide-inner .elementor-slide-button:hover{background:transparent;color:inherit;text-decoration:none}.elementor--v-position-top .swiper-slide-inner{align-items:flex-start}.elementor--v-position-bottom .swiper-slide-inner{align-items:flex-end}.elementor--v-position-middle .swiper-slide-inner{align-items:center}.elementor--h-position-left .swiper-slide-inner{justify-content:flex-start}.elementor--h-position-right .swiper-slide-inner{justify-content:flex-end}.elementor--h-position-center .swiper-slide-inner{justify-content:center}body.rtl .elementor-widget-slides .elementor-swiper-button-next{left:10px;right:auto}body.rtl .elementor-widget-slides .elementor-swiper-button-prev{right:10px;left:auto}.elementor-slides-wrapper div:not(.swiper-slide)>.swiper-slide-inner{display:none}@media (max-width:767px){.elementor-slides .swiper-slide-inner{padding:30px}.elementor-slides .swiper-slide-inner .elementor-slide-heading{font-size:23px;line-height:1;margin-bottom:15px}.elementor-slides .swiper-slide-inner .elementor-slide-description{font-size:13px;line-height:1.4;margin-bottom:15px}}<\/style>\t\t<div class=\"elementor-swiper\">\n\t\t\t<div class=\"elementor-slides-wrapper elementor-main-swiper swiper-container\" dir=\"ltr\" data-animation=\"fadeInUp\">\n\t\t\t\t<div class=\"swiper-wrapper elementor-slides\">\n\t\t\t\t\t\t\t\t\t\t<div class=\"elementor-repeater-item-3d5555e swiper-slide\"><div class=\"swiper-slide-bg\"><\/div><a class=\"swiper-slide-inner\" href=\"https:\/\/www.administracionpublica.utalca.cl\/?p=1933\"><div class=\"swiper-slide-contents\"><div class=\"elementor-slide-heading\">Administraci\u00f3n P\u00fablica Santiago celebr\u00f3 titulaci\u00f3n de 23 nuevos egresados<\/div><\/div><\/a><\/div><div class=\"elementor-repeater-item-3f7850e swiper-slide\"><div class=\"swiper-slide-bg\"><\/div><a class=\"swiper-slide-inner\" href=\"https:\/\/www.administracionpublica.utalca.cl\/?p=1926\"><div class=\"swiper-slide-contents\"><div class=\"elementor-slide-heading\">Estudiantes de Administraci\u00f3n P\u00fablica participaron en el 37\u00b0 Congreso Nacional de la FENEAP<\/div><\/div><\/a><\/div><div class=\"elementor-repeater-item-a4c5150 swiper-slide\"><div class=\"swiper-slide-bg\"><\/div><a class=\"swiper-slide-inner\" href=\"https:\/\/www.administracionpublica.utalca.cl\/?p=1915\"><div class=\"swiper-slide-contents\"><div class=\"elementor-slide-heading\">La carrera de Administraci\u00f3n P\u00fablica present\u00f3 nuevo plan de formaci\u00f3n <\/div><\/div><\/a><\/div><div class=\"elementor-repeater-item-b76a822 swiper-slide\"><div class=\"swiper-slide-bg\"><\/div><a class=\"swiper-slide-inner\" href=\"https:\/\/www.administracionpublica.utalca.cl\/?p=1905\"><div class=\"swiper-slide-contents\"><div class=\"elementor-slide-heading\">Exalumna y SEREMI de la Mujer y la Equidad de G\u00e9nero visit\u00f3 la Escuela de Administraci\u00f3n P\u00fablica Talca<\/div><\/div><\/a><\/div><div class=\"elementor-repeater-item-b301db8 swiper-slide\"><div class=\"swiper-slide-bg\"><\/div><a class=\"swiper-slide-inner\" href=\"https:\/\/www.administracionpublica.utalca.cl\/?p=1889\"><div class=\"swiper-slide-contents\"><div class=\"elementor-slide-heading\">Estudiantes de Administraci\u00f3n P\u00fablica Santiago simularon atender un caso en contexto de guerra en Consejo de Seguridad de Naciones Unidas<\/div><\/div><\/a><\/div><div class=\"elementor-repeater-item-525e59d swiper-slide\"><div class=\"swiper-slide-bg\"><\/div><a class=\"swiper-slide-inner\" href=\"https:\/\/www.administracionpublica.utalca.cl\/?p=1883\"><div class=\"swiper-slide-contents\"><div class=\"elementor-slide-heading\">Estudiantes de intercambio durante primer semestre de 2025 destacaron su estad\u00eda en la Facultad <\/div><\/div><\/a><\/div><div class=\"elementor-repeater-item-825c9b4 swiper-slide\"><div class=\"swiper-slide-bg\"><\/div><a class=\"swiper-slide-inner\" href=\"https:\/\/www.administracionpublica.utalca.cl\/?p=1877\"><div class=\"swiper-slide-contents\"><div class=\"elementor-slide-heading\">Estudiantes de Administraci\u00f3n P\u00fablica simularon un caso real en el Consejo de Seguridad de Naciones Unidas<\/div><\/div><\/a><\/div><div class=\"elementor-repeater-item-745c4d5 swiper-slide\"><div class=\"swiper-slide-bg\"><\/div><a class=\"swiper-slide-inner\" href=\"https:\/\/www.administracionpublica.utalca.cl\/?p=1871\"><div class=\"swiper-slide-contents\"><div class=\"elementor-slide-heading\">Gran convocatoria tuvo la Feria del Libro de la Inclusi\u00f3n y Diversidad organizada por el CEDEMI en la UTalca<\/div><\/div><\/a><\/div><div class=\"elementor-repeater-item-05f772e swiper-slide\"><div class=\"swiper-slide-bg\"><\/div><a class=\"swiper-slide-inner\" href=\"https:\/\/www.administracionpublica.utalca.cl\/?p=1865\"><div class=\"swiper-slide-contents\"><div class=\"elementor-slide-heading\">Tercera generaci\u00f3n de la carrera de Administraci\u00f3n P\u00fablica Talca vivi\u00f3 su ceremonia de titulaci\u00f3n<\/div><\/div><\/a><\/div><div class=\"elementor-repeater-item-573000b swiper-slide\"><div class=\"swiper-slide-bg\"><\/div><a class=\"swiper-slide-inner\" href=\"https:\/\/www.administracionpublica.utalca.cl\/?p=1854\"><div class=\"swiper-slide-contents\"><div class=\"elementor-slide-heading\">Profesores Mario Herrera y Alejandra M\u00e1rquez participaron en el XI Congreso WAPOR Latinoam\u00e9rica<\/div><\/div><\/a><\/div><div class=\"elementor-repeater-item-fc54b25 swiper-slide\"><div class=\"swiper-slide-bg\"><\/div><a class=\"swiper-slide-inner\" href=\"https:\/\/www.administracionpublica.utalca.cl\/?p=1842\"><div class=\"swiper-slide-contents\"><div class=\"elementor-slide-heading\">Comuna de Pencahue recibi\u00f3 a la Feria de Servicios de los estudiantes de Administraci\u00f3n P\u00fablica de la UTalca<\/div><\/div><\/a><\/div><div class=\"elementor-repeater-item-3238bff swiper-slide\"><div class=\"swiper-slide-bg\"><\/div><a class=\"swiper-slide-inner\" href=\"https:\/\/www.administracionpublica.utalca.cl\/?p=1848\"><div class=\"swiper-slide-contents\"><div class=\"elementor-slide-heading\">Profesor Claudio Riveros expuso sobre el populismo en seminario de la Universidad del Desarrollo<\/div><\/div><\/a><\/div><div class=\"elementor-repeater-item-ddf4b48 swiper-slide\"><div class=\"swiper-slide-bg\"><\/div><a class=\"swiper-slide-inner\" href=\"https:\/\/www.administracionpublica.utalca.cl\/?p=1836\"><div class=\"swiper-slide-contents\"><div class=\"elementor-slide-heading\">Facultad de Cs. Jur\u00eddicas y Sociales ser\u00e1 sede del XV Congreso Chileno de Ciencia Pol\u00edtica<\/div><\/div><\/a><\/div><div class=\"elementor-repeater-item-faed4fd swiper-slide\"><div class=\"swiper-slide-bg\"><\/div><a class=\"swiper-slide-inner\" href=\"https:\/\/www.administracionpublica.utalca.cl\/?p=1830\"><div class=\"swiper-slide-contents\"><div class=\"elementor-slide-heading\">Decano se re\u00fane con Centros de Estudiantes de Derecho y Administraci\u00f3n P\u00fablica Talca <\/div><\/div><\/a><\/div><div class=\"elementor-repeater-item-1d26bb7 swiper-slide\"><div class=\"swiper-slide-bg\"><\/div><a class=\"swiper-slide-inner\" href=\"https:\/\/www.administracionpublica.utalca.cl\/?p=1823\"><div class=\"swiper-slide-contents\"><div class=\"elementor-slide-heading\">Administraci\u00f3n P\u00fablica Campus Talca recibe a la generaci\u00f3n m\u00e1s numerosa desde que la escuela abri\u00f3 sus puertas<\/div><\/div><\/a><\/div><div class=\"elementor-repeater-item-200e7a4 swiper-slide\"><div class=\"swiper-slide-bg\"><\/div><a class=\"swiper-slide-inner\" href=\"https:\/\/www.administracionpublica.utalca.cl\/?p=1816\"><div class=\"swiper-slide-contents\"><div class=\"elementor-slide-heading\">Administraci\u00f3n P\u00fablica Campus Santiago celebr\u00f3 la titulaci\u00f3n de 20 nuevos egresados <\/div><\/div><\/a><\/div><div class=\"elementor-repeater-item-9e62e3f swiper-slide\"><div class=\"swiper-slide-bg\"><\/div><a class=\"swiper-slide-inner\" href=\"https:\/\/www.administracionpublica.utalca.cl\/?p=1810\"><div class=\"swiper-slide-contents\"><div class=\"elementor-slide-heading\">Profesor Claudio Riveros Ferrada adjudic\u00f3 Fondecyt de Iniciaci\u00f3n<\/div><\/div><\/a><\/div><div class=\"elementor-repeater-item-91375ed swiper-slide\"><div class=\"swiper-slide-bg\"><\/div><a class=\"swiper-slide-inner\" href=\"https:\/\/www.administracionpublica.utalca.cl\/?p=1801\"><div class=\"swiper-slide-contents\"><div class=\"elementor-slide-heading\">Tres egresadas de Administraci\u00f3n P\u00fablica participaron en el programa J\u00f3venes Profesionales de la UTalca<\/div><\/div><\/a><\/div><div class=\"elementor-repeater-item-36846a6 swiper-slide\"><div class=\"swiper-slide-bg\"><\/div><a class=\"swiper-slide-inner\" href=\"https:\/\/www.administracionpublica.utalca.cl\/?p=1792\"><div class=\"swiper-slide-contents\"><div class=\"elementor-slide-heading\">Profesores de la Facultad expusieron los detalles del trabajo que han realizado con la Municipalidad de Providencia<\/div><\/div><\/a><\/div><div class=\"elementor-repeater-item-f621169 swiper-slide\"><div class=\"swiper-slide-bg\"><\/div><a class=\"swiper-slide-inner\" href=\"https:\/\/www.administracionpublica.utalca.cl\/?p=1786\"><div class=\"swiper-slide-contents\"><div class=\"elementor-slide-heading\">Seminario interdisciplinario abord\u00f3 principales desaf\u00edos de la gobernanza en el sistema pol\u00edtico chileno <\/div><\/div><\/a><\/div><div class=\"elementor-repeater-item-92c5172 swiper-slide\"><div class=\"swiper-slide-bg\"><\/div><a class=\"swiper-slide-inner\" href=\"https:\/\/www.administracionpublica.utalca.cl\/?p=1779\"><div class=\"swiper-slide-contents\"><div class=\"elementor-slide-heading\">Conferencia por el D\u00eda del Administrador\/a P\u00fablico\/a abord\u00f3 los costos que deben asumir las personas al interactuar con el Estado<\/div><\/div><\/a><\/div><div class=\"elementor-repeater-item-8e5a33d swiper-slide\"><div class=\"swiper-slide-bg\"><\/div><a class=\"swiper-slide-inner\" href=\"https:\/\/www.administracionpublica.utalca.cl\/?p=1769\"><div class=\"swiper-slide-contents\"><div class=\"elementor-slide-heading\">Estudiante y exalumna de AP participaron del 3\u00b0 Congreso Estudiantil \"Tu Voz Contra la Corrupci\u00f3n Cuenta\"<\/div><\/div><\/a><\/div><div class=\"elementor-repeater-item-27f5e34 swiper-slide\"><div class=\"swiper-slide-bg\"><\/div><a class=\"swiper-slide-inner\" href=\"https:\/\/www.administracionpublica.utalca.cl\/?p=1762\"><div class=\"swiper-slide-contents\"><div class=\"elementor-slide-heading\">Estudiantes de Administraci\u00f3n P\u00fablica aportaron en diversas instituciones p\u00fablicas durante su Pr\u00e1ctica Profesional II\t<\/div><\/div><\/a><\/div><div class=\"elementor-repeater-item-ba35a17 swiper-slide\"><div class=\"swiper-slide-bg\"><\/div><a class=\"swiper-slide-inner\" href=\"https:\/\/www.administracionpublica.utalca.cl\/?p=1756\"><div class=\"swiper-slide-contents\"><div class=\"elementor-slide-heading\">Profesor Osvaldo Henr\u00edquez aport\u00f3 con un cap\u00edtulo en el Manual de Administraci\u00f3n P\u00fablica II <\/div><\/div><\/a><\/div><div class=\"elementor-repeater-item-e9ab01d swiper-slide\"><div class=\"swiper-slide-bg\"><\/div><a class=\"swiper-slide-inner\" href=\"https:\/\/www.administracionpublica.utalca.cl\/?p=1750\"><div class=\"swiper-slide-contents\"><div class=\"elementor-slide-heading\">Coloquio abord\u00f3 efectos del dictamen presentado por nueva Contralora General respecto a la confianza leg\u00edtima en los contrata<\/div><\/div><\/a><\/div><div class=\"elementor-repeater-item-32e9211 swiper-slide\"><div class=\"swiper-slide-bg\"><\/div><a class=\"swiper-slide-inner\" href=\"https:\/\/www.administracionpublica.utalca.cl\/?p=1743\"><div class=\"swiper-slide-contents\"><div class=\"elementor-slide-heading\">Estudiantes de Administraci\u00f3n P\u00fablica conocieron detalles del programa Abriendo Caminos del Ministerio de Desarrollo Social y Familia<\/div><\/div><\/a><\/div><div class=\"elementor-repeater-item-a03e77b swiper-slide\"><div class=\"swiper-slide-bg\"><\/div><div class=\"swiper-slide-inner\" ><div class=\"swiper-slide-contents\"><div class=\"elementor-slide-heading\">Profesor Paulo Hidalgo public\u00f3 art\u00edculo en importante revista de la Universidad de Guadalajara<\/div><\/div><\/div><\/div><div class=\"elementor-repeater-item-8b9a74a swiper-slide\"><div class=\"swiper-slide-bg\"><\/div><a class=\"swiper-slide-inner\" href=\"https:\/\/www.administracionpublica.utalca.cl\/?p=1729\"><div class=\"swiper-slide-contents\"><div class=\"elementor-slide-heading\">Estudiantes de Administraci\u00f3n P\u00fablica Campus Santiago participaron de taller de apresto laboral <\/div><\/div><\/a><\/div><div class=\"elementor-repeater-item-6fa740c swiper-slide\"><div class=\"swiper-slide-bg\"><\/div><a class=\"swiper-slide-inner\" href=\"https:\/\/www.administracionpublica.utalca.cl\/?p=1723\"><div class=\"swiper-slide-contents\"><div class=\"elementor-slide-heading\">J\u00f3venes de liceos del Maule participaron en hackathon organizada por Administraci\u00f3n P\u00fablica<\/div><\/div><\/a><\/div><div class=\"elementor-repeater-item-b45ab33 swiper-slide\"><div class=\"swiper-slide-bg\"><\/div><a class=\"swiper-slide-inner\" href=\"https:\/\/www.administracionpublica.utalca.cl\/?p=1714\"><div class=\"swiper-slide-contents\"><div class=\"elementor-slide-heading\">Estudiantes de Administraci\u00f3n P\u00fablica pr\u00f3ximos a egresar participaron de un Taller de Apresto Laboral<\/div><\/div><\/a><\/div><div class=\"elementor-repeater-item-fe4445e swiper-slide\"><div class=\"swiper-slide-bg\"><\/div><a class=\"swiper-slide-inner\" href=\"https:\/\/www.administracionpublica.utalca.cl\/?p=1698\"><div class=\"swiper-slide-contents\"><div class=\"elementor-slide-heading\">Decano y directores de Escuela Campus Talca visitaron Colegio Ingl\u00e9s para dar a conocer detalles de sus carreras\t<\/div><\/div><\/a><\/div><div class=\"elementor-repeater-item-ed3c3fa swiper-slide\"><div class=\"swiper-slide-bg\"><\/div><a class=\"swiper-slide-inner\" href=\"https:\/\/www.administracionpublica.utalca.cl\/?p=1691\"><div class=\"swiper-slide-contents\"><div class=\"elementor-slide-heading\">Estudiantes de Administraci\u00f3n P\u00fablica desarrollaron talleres en Centros Penitenciarios de Talca<\/div><\/div><\/a><\/div><div class=\"elementor-repeater-item-cc54e26 swiper-slide\"><div class=\"swiper-slide-bg\"><\/div><a class=\"swiper-slide-inner\" href=\"https:\/\/www.administracionpublica.utalca.cl\/?p=1682\"><div class=\"swiper-slide-contents\"><div class=\"elementor-slide-heading\">Estudiante de Administraci\u00f3n P\u00fablica Campus Talca gan\u00f3 Beca Santander para Movilidad Internacional<\/div><\/div><\/a><\/div><div class=\"elementor-repeater-item-e16750e swiper-slide\"><div class=\"swiper-slide-bg\"><\/div><a class=\"swiper-slide-inner\" href=\"https:\/\/www.administracionpublica.utalca.cl\/?p=1674\"><div class=\"swiper-slide-contents\"><div class=\"elementor-slide-heading\">Coordinadora de Vinculaci\u00f3n con el Medio de AP particip\u00f3 en el IV Congreso de la Sociedad Chilena de Criminolog\u00eda<\/div><\/div><\/a><\/div><div class=\"elementor-repeater-item-a6b64f5 swiper-slide\"><div class=\"swiper-slide-bg\"><\/div><a class=\"swiper-slide-inner\" href=\"https:\/\/www.administracionpublica.utalca.cl\/?p=1668\"><div class=\"swiper-slide-contents\"><div class=\"elementor-slide-heading\">Estudiante de Administraci\u00f3n P\u00fablica particip\u00f3 en II Congreso Gobierno Abierto<\/div><\/div><\/a><\/div><div class=\"elementor-repeater-item-a29bcff swiper-slide\"><div class=\"swiper-slide-bg\"><\/div><a class=\"swiper-slide-inner\" href=\"https:\/\/www.administracionpublica.utalca.cl\/?p=1662\"><div class=\"swiper-slide-contents\"><div class=\"elementor-slide-heading\">Carrera de Administraci\u00f3n P\u00fablica Campus Talca realiza homenaje a v\u00edctimas de la dictadura en la UTalca<\/div><\/div><\/a><\/div><div class=\"elementor-repeater-item-a55bf7d swiper-slide\"><div class=\"swiper-slide-bg\"><\/div><a class=\"swiper-slide-inner\" href=\"https:\/\/www.administracionpublica.utalca.cl\/?p=1648\"><div class=\"swiper-slide-contents\"><div class=\"elementor-slide-heading\">Mecanismos de control y fiscalizaci\u00f3n: el principal desaf\u00edo de la descentralizaci\u00f3n en Chile<\/div><\/div><\/a><\/div><div class=\"elementor-repeater-item-7b49b6e swiper-slide\"><div class=\"swiper-slide-bg\"><\/div><a class=\"swiper-slide-inner\" href=\"https:\/\/www.administracionpublica.utalca.cl\/?p=1640\"><div class=\"swiper-slide-contents\"><div class=\"elementor-slide-heading\">Estudiantes de AP Campus Talca realizan actividades para celebrar su 7\u00b0 aniversario<\/div><\/div><\/a><\/div><div class=\"elementor-repeater-item-89510bb swiper-slide\"><div class=\"swiper-slide-bg\"><\/div><a class=\"swiper-slide-inner\" href=\"https:\/\/www.administracionpublica.utalca.cl\/?p=1627\"><div class=\"swiper-slide-contents\"><div class=\"elementor-slide-heading\">AP Campus Talca celebr\u00f3 su 7\u00b0 aniversario con conferencia sobre nuevas agendas para enfrentar desaf\u00edos globales<\/div><\/div><\/a><\/div><div class=\"elementor-repeater-item-0abd206 swiper-slide\"><div class=\"swiper-slide-bg\"><\/div><a class=\"swiper-slide-inner\" href=\"https:\/\/www.administracionpublica.utalca.cl\/?p=1620\"><div class=\"swiper-slide-contents\"><div class=\"elementor-slide-heading\">Centro de An\u00e1lisis Pol\u00edtico de la Facultad logra publicar ocho art\u00edculos en destacadas revistas internacionales en tan solo un semestre<\/div><\/div><\/a><\/div><div class=\"elementor-repeater-item-dce74b1 swiper-slide\"><div class=\"swiper-slide-bg\"><\/div><a class=\"swiper-slide-inner\" href=\"https:\/\/www.administracionpublica.utalca.cl\/?p=1610\"><div class=\"swiper-slide-contents\"><div class=\"elementor-slide-heading\">Profesor Gustavo Rayo formar\u00e1 parte del panel de Evaluaci\u00f3n Sectorial de Capacitaci\u00f3n y Formaci\u00f3n Laboral de DIPRES<\/div><\/div><\/a><\/div><div class=\"elementor-repeater-item-fbb570a swiper-slide\"><div class=\"swiper-slide-bg\"><\/div><a class=\"swiper-slide-inner\" href=\"https:\/\/www.administracionpublica.utalca.cl\/?p=1604\"><div class=\"swiper-slide-contents\"><div class=\"elementor-slide-heading\">Profesor Osvaldo Henr\u00edquez particip\u00f3 en Congreso sobre Ciencia Pol\u00edtica y Administraci\u00f3n en Espa\u00f1a<\/div><\/div><\/a><\/div><div class=\"elementor-repeater-item-2795d8b swiper-slide\"><div class=\"swiper-slide-bg\"><\/div><a class=\"swiper-slide-inner\" href=\"https:\/\/www.administracionpublica.utalca.cl\/?p=1575\"><div class=\"swiper-slide-contents\"><div class=\"elementor-slide-heading\">Estudiantes de Administraci\u00f3n P\u00fablica Campus Talca visitaron dependencias del GORE Maule<\/div><\/div><\/a><\/div>\t\t\t\t<\/div>\n\t\t\t\t\t\t\t\t\t\t\t\t\t\t\t<div class=\"swiper-pagination\"><\/div>\n\t\t\t\t\t\t\t\t\t\t\t\t\t\t\t\t<div class=\"elementor-swiper-button elementor-swiper-button-prev\">\n\t\t\t\t\t\t\t<i aria-hidden=\"true\" class=\"eicon-chevron-left\"><\/i>\t\t\t\t\t\t\t<span class=\"elementor-screen-only\">Previous<\/span>\n\t\t\t\t\t\t<\/div>\n\t\t\t\t\t\t<div class=\"elementor-swiper-button elementor-swiper-button-next\">\n\t\t\t\t\t\t\t<i aria-hidden=\"true\" class=\"eicon-chevron-right\"><\/i>\t\t\t\t\t\t\t<span class=\"elementor-screen-only\">Next<\/span>\n\t\t\t\t\t\t<\/div>\n\t\t\t\t\t\t\t\t\t\t\t\t<\/div>\n\t\t<\/div>\n\t\t\t\t<\/div>\n\t\t\t\t<\/div>\n\t\t\t\t\t<\/div>\n\t\t<\/div>\n\t\t\t\t\t\t\t<\/div>\n\t\t<\/section>\n\t\t\t\t<section class=\"elementor-section elementor-top-section elementor-element elementor-element-02135aa elementor-section-boxed elementor-section-height-default elementor-section-height-default\" data-id=\"02135aa\" data-element_type=\"section\">\n\t\t\t\t\t\t<div class=\"elementor-container elementor-column-gap-default\">\n\t\t\t\t\t<div class=\"elementor-column elementor-col-100 elementor-top-column elementor-element elementor-element-e094695\" data-id=\"e094695\" data-element_type=\"column\">\n\t\t\t<div class=\"elementor-widget-wrap elementor-element-populated\">\n\t\t\t\t\t\t\t\t<div class=\"elementor-element elementor-element-ea13d1c elementor-widget elementor-widget-heading\" data-id=\"ea13d1c\" data-element_type=\"widget\" data-widget_type=\"heading.default\">\n\t\t\t\t<div class=\"elementor-widget-container\">\n\t\t\t<style>\/*! elementor - v3.9.2 - 21-12-2022 *\/\n.elementor-heading-title{padding:0;margin:0;line-height:1}.elementor-widget-heading .elementor-heading-title[class*=elementor-size-]>a{color:inherit;font-size:inherit;line-height:inherit}.elementor-widget-heading .elementor-heading-title.elementor-size-small{font-size:15px}.elementor-widget-heading .elementor-heading-title.elementor-size-medium{font-size:19px}.elementor-widget-heading .elementor-heading-title.elementor-size-large{font-size:29px}.elementor-widget-heading .elementor-heading-title.elementor-size-xl{font-size:39px}.elementor-widget-heading .elementor-heading-title.elementor-size-xxl{font-size:59px}<\/style><h2 class=\"elementor-heading-title elementor-size-default\">Noticias<\/h2>\t\t<\/div>\n\t\t\t\t<\/div>\n\t\t\t\t\t<\/div>\n\t\t<\/div>\n\t\t\t\t\t\t\t<\/div>\n\t\t<\/section>\n\t\t\t\t<section class=\"elementor-section elementor-top-section elementor-element elementor-element-ff99cce elementor-section-boxed elementor-section-height-default elementor-section-height-default\" data-id=\"ff99cce\" data-element_type=\"section\">\n\t\t\t\t\t\t<div class=\"elementor-container elementor-column-gap-default\">\n\t\t\t\t\t<div class=\"elementor-column elementor-col-100 elementor-top-column elementor-element elementor-element-5abf6de\" data-id=\"5abf6de\" data-element_type=\"column\">\n\t\t\t<div class=\"elementor-widget-wrap elementor-element-populated\">\n\t\t\t\t\t\t\t\t<div class=\"elementor-element elementor-element-2e50d39 elementor-align-right elementor-widget elementor-widget-button\" data-id=\"2e50d39\" data-element_type=\"widget\" data-widget_type=\"button.default\">\n\t\t\t\t<div class=\"elementor-widget-container\">\n\t\t\t\t\t<div class=\"elementor-button-wrapper\">\n\t\t\t<a href=\"https:\/\/www.administracionpublica.utalca.cl\/?page_id=57&#038;customize_changeset_uuid=df93e1c9-5c78-444e-902b-e86c8938504c&#038;customize_messenger_channel=preview-0\" class=\"elementor-button-link elementor-button elementor-size-sm\" role=\"button\">\n\t\t\t\t\t\t<span class=\"elementor-button-content-wrapper\">\n\t\t\t\t\t\t<span class=\"elementor-button-text\">VER TODAS<\/span>\n\t\t<\/span>\n\t\t\t\t\t<\/a>\n\t\t<\/div>\n\t\t\t\t<\/div>\n\t\t\t\t<\/div>\n\t\t\t\t\t<\/div>\n\t\t<\/div>\n\t\t\t\t\t\t\t<\/div>\n\t\t<\/section>\n\t\t\t\t<section class=\"elementor-section elementor-top-section elementor-element elementor-element-74448ec elementor-section-boxed elementor-section-height-default elementor-section-height-default\" data-id=\"74448ec\" data-element_type=\"section\">\n\t\t\t\t\t\t<div class=\"elementor-container elementor-column-gap-default\">\n\t\t\t\t\t<div class=\"elementor-column elementor-col-100 elementor-top-column elementor-element elementor-element-b03142e\" data-id=\"b03142e\" data-element_type=\"column\">\n\t\t\t<div class=\"elementor-widget-wrap elementor-element-populated\">\n\t\t\t\t\t\t\t\t<div class=\"elementor-element elementor-element-bffbfcd elementor-grid-3 elementor-grid-tablet-2 elementor-grid-mobile-1 elementor-posts--thumbnail-top elementor-widget elementor-widget-posts\" data-id=\"bffbfcd\" data-element_type=\"widget\" data-settings=\"{&quot;classic_columns&quot;:&quot;3&quot;,&quot;classic_columns_tablet&quot;:&quot;2&quot;,&quot;classic_columns_mobile&quot;:&quot;1&quot;,&quot;classic_row_gap&quot;:{&quot;unit&quot;:&quot;px&quot;,&quot;size&quot;:35,&quot;sizes&quot;:[]},&quot;classic_row_gap_tablet&quot;:{&quot;unit&quot;:&quot;px&quot;,&quot;size&quot;:&quot;&quot;,&quot;sizes&quot;:[]},&quot;classic_row_gap_mobile&quot;:{&quot;unit&quot;:&quot;px&quot;,&quot;size&quot;:&quot;&quot;,&quot;sizes&quot;:[]}}\" data-widget_type=\"posts.classic\">\n\t\t\t\t<div class=\"elementor-widget-container\">\n\t\t\t<link rel=\"stylesheet\" href=\"https:\/\/www.administracionpublica.utalca.cl\/wp-content\/plugins\/elementor-pro\/assets\/css\/widget-posts.min.css\">\t\t<div class=\"elementor-posts-container elementor-posts elementor-posts--skin-classic elementor-grid\">\n\t\t\t\t<article class=\"elementor-post elementor-grid-item post-1933 post type-post status-publish format-standard has-post-thumbnail hentry category-noticias\">\n\t\t\t\t<a class=\"elementor-post__thumbnail__link\" href=\"https:\/\/www.administracionpublica.utalca.cl\/?p=1933\" >\n\t\t\t<div class=\"elementor-post__thumbnail\"><img width=\"300\" height=\"169\" src=\"https:\/\/www.administracionpublica.utalca.cl\/wp-content\/uploads\/2026\/01\/derecho-inmobiliario-CON-titulo-300x169.jpg\" class=\"attachment-medium size-medium wp-image-1934\" alt=\"\" loading=\"lazy\" srcset=\"https:\/\/www.administracionpublica.utalca.cl\/wp-content\/uploads\/2026\/01\/derecho-inmobiliario-CON-titulo-300x169.jpg 300w, https:\/\/www.administracionpublica.utalca.cl\/wp-content\/uploads\/2026\/01\/derecho-inmobiliario-CON-titulo-1024x576.jpg 1024w, https:\/\/www.administracionpublica.utalca.cl\/wp-content\/uploads\/2026\/01\/derecho-inmobiliario-CON-titulo-768x432.jpg 768w, https:\/\/www.administracionpublica.utalca.cl\/wp-content\/uploads\/2026\/01\/derecho-inmobiliario-CON-titulo-1536x864.jpg 1536w, https:\/\/www.administracionpublica.utalca.cl\/wp-content\/uploads\/2026\/01\/derecho-inmobiliario-CON-titulo.jpg 1920w\" sizes=\"(max-width: 300px) 100vw, 300px\" \/><\/div>\n\t\t<\/a>\n\t\t\t\t<div class=\"elementor-post__text\">\n\t\t\t\t<h1 class=\"elementor-post__title\">\n\t\t\t<a href=\"https:\/\/www.administracionpublica.utalca.cl\/?p=1933\" >\n\t\t\t\tAdministraci\u00f3n P\u00fablica Santiago celebr\u00f3 titulaci\u00f3n de 23 nuevos egresados\t\t\t<\/a>\n\t\t<\/h1>\n\t\t\n\t\t<a class=\"elementor-post__read-more\" href=\"https:\/\/www.administracionpublica.utalca.cl\/?p=1933\" >\n\t\t\t<button class=\"ver_mas btn-md\">VER M\u00c1S<\/button>\t\t<\/a>\n\n\t\t\t\t<\/div>\n\t\t\t\t<\/article>\n\t\t\t\t<article class=\"elementor-post elementor-grid-item post-1926 post type-post status-publish format-standard has-post-thumbnail hentry category-noticias\">\n\t\t\t\t<a class=\"elementor-post__thumbnail__link\" href=\"https:\/\/www.administracionpublica.utalca.cl\/?p=1926\" >\n\t\t\t<div class=\"elementor-post__thumbnail\"><img width=\"300\" height=\"169\" src=\"https:\/\/www.administracionpublica.utalca.cl\/wp-content\/uploads\/2025\/11\/portada-sin-titulo-300x169.jpg\" class=\"attachment-medium size-medium wp-image-1928\" alt=\"\" loading=\"lazy\" srcset=\"https:\/\/www.administracionpublica.utalca.cl\/wp-content\/uploads\/2025\/11\/portada-sin-titulo-300x169.jpg 300w, https:\/\/www.administracionpublica.utalca.cl\/wp-content\/uploads\/2025\/11\/portada-sin-titulo-1024x576.jpg 1024w, https:\/\/www.administracionpublica.utalca.cl\/wp-content\/uploads\/2025\/11\/portada-sin-titulo-768x432.jpg 768w, https:\/\/www.administracionpublica.utalca.cl\/wp-content\/uploads\/2025\/11\/portada-sin-titulo-1536x864.jpg 1536w, https:\/\/www.administracionpublica.utalca.cl\/wp-content\/uploads\/2025\/11\/portada-sin-titulo.jpg 1920w\" sizes=\"(max-width: 300px) 100vw, 300px\" \/><\/div>\n\t\t<\/a>\n\t\t\t\t<div class=\"elementor-post__text\">\n\t\t\t\t<h1 class=\"elementor-post__title\">\n\t\t\t<a href=\"https:\/\/www.administracionpublica.utalca.cl\/?p=1926\" >\n\t\t\t\tEstudiantes de Administraci\u00f3n P\u00fablica participaron en el 37\u00b0 Congreso Nacional de la FENEAP\t\t\t<\/a>\n\t\t<\/h1>\n\t\t\n\t\t<a class=\"elementor-post__read-more\" href=\"https:\/\/www.administracionpublica.utalca.cl\/?p=1926\" >\n\t\t\t<button class=\"ver_mas btn-md\">VER M\u00c1S<\/button>\t\t<\/a>\n\n\t\t\t\t<\/div>\n\t\t\t\t<\/article>\n\t\t\t\t<article class=\"elementor-post elementor-grid-item post-1915 post type-post status-publish format-standard has-post-thumbnail hentry category-noticias\">\n\t\t\t\t<a class=\"elementor-post__thumbnail__link\" href=\"https:\/\/www.administracionpublica.utalca.cl\/?p=1915\" >\n\t\t\t<div class=\"elementor-post__thumbnail\"><img width=\"300\" height=\"169\" src=\"https:\/\/www.administracionpublica.utalca.cl\/wp-content\/uploads\/2025\/10\/portada-1-300x169.jpg\" class=\"attachment-medium size-medium wp-image-1916\" alt=\"\" loading=\"lazy\" srcset=\"https:\/\/www.administracionpublica.utalca.cl\/wp-content\/uploads\/2025\/10\/portada-1-300x169.jpg 300w, https:\/\/www.administracionpublica.utalca.cl\/wp-content\/uploads\/2025\/10\/portada-1-1024x576.jpg 1024w, https:\/\/www.administracionpublica.utalca.cl\/wp-content\/uploads\/2025\/10\/portada-1-768x432.jpg 768w, https:\/\/www.administracionpublica.utalca.cl\/wp-content\/uploads\/2025\/10\/portada-1-1536x864.jpg 1536w, https:\/\/www.administracionpublica.utalca.cl\/wp-content\/uploads\/2025\/10\/portada-1.jpg 1920w\" sizes=\"(max-width: 300px) 100vw, 300px\" \/><\/div>\n\t\t<\/a>\n\t\t\t\t<div class=\"elementor-post__text\">\n\t\t\t\t<h1 class=\"elementor-post__title\">\n\t\t\t<a href=\"https:\/\/www.administracionpublica.utalca.cl\/?p=1915\" >\n\t\t\t\tLa carrera de Administraci\u00f3n P\u00fablica present\u00f3 nuevo plan de formaci\u00f3n\t\t\t<\/a>\n\t\t<\/h1>\n\t\t\n\t\t<a class=\"elementor-post__read-more\" href=\"https:\/\/www.administracionpublica.utalca.cl\/?p=1915\" >\n\t\t\t<button class=\"ver_mas btn-md\">VER M\u00c1S<\/button>\t\t<\/a>\n\n\t\t\t\t<\/div>\n\t\t\t\t<\/article>\n\t\t\t\t<article class=\"elementor-post elementor-grid-item post-1905 post type-post status-publish format-standard has-post-thumbnail hentry category-noticias\">\n\t\t\t\t<a class=\"elementor-post__thumbnail__link\" href=\"https:\/\/www.administracionpublica.utalca.cl\/?p=1905\" >\n\t\t\t<div class=\"elementor-post__thumbnail\"><img width=\"300\" height=\"169\" src=\"https:\/\/www.administracionpublica.utalca.cl\/wp-content\/uploads\/2025\/10\/portada-SIN-titulo-300x169.jpg\" class=\"attachment-medium size-medium wp-image-1906\" alt=\"\" loading=\"lazy\" srcset=\"https:\/\/www.administracionpublica.utalca.cl\/wp-content\/uploads\/2025\/10\/portada-SIN-titulo-300x169.jpg 300w, https:\/\/www.administracionpublica.utalca.cl\/wp-content\/uploads\/2025\/10\/portada-SIN-titulo-1024x576.jpg 1024w, https:\/\/www.administracionpublica.utalca.cl\/wp-content\/uploads\/2025\/10\/portada-SIN-titulo-768x432.jpg 768w, https:\/\/www.administracionpublica.utalca.cl\/wp-content\/uploads\/2025\/10\/portada-SIN-titulo-1536x864.jpg 1536w, https:\/\/www.administracionpublica.utalca.cl\/wp-content\/uploads\/2025\/10\/portada-SIN-titulo.jpg 1920w\" sizes=\"(max-width: 300px) 100vw, 300px\" \/><\/div>\n\t\t<\/a>\n\t\t\t\t<div class=\"elementor-post__text\">\n\t\t\t\t<h1 class=\"elementor-post__title\">\n\t\t\t<a href=\"https:\/\/www.administracionpublica.utalca.cl\/?p=1905\" >\n\t\t\t\tExalumna y SEREMI de la Mujer y la Equidad de G\u00e9nero visit\u00f3 la Escuela de Administraci\u00f3n P\u00fablica Talca\t\t\t<\/a>\n\t\t<\/h1>\n\t\t\n\t\t<a class=\"elementor-post__read-more\" href=\"https:\/\/www.administracionpublica.utalca.cl\/?p=1905\" >\n\t\t\t<button class=\"ver_mas btn-md\">VER M\u00c1S<\/button>\t\t<\/a>\n\n\t\t\t\t<\/div>\n\t\t\t\t<\/article>\n\t\t\t\t<article class=\"elementor-post elementor-grid-item post-1889 post type-post status-publish format-standard has-post-thumbnail hentry category-noticias\">\n\t\t\t\t<a class=\"elementor-post__thumbnail__link\" href=\"https:\/\/www.administracionpublica.utalca.cl\/?p=1889\" >\n\t\t\t<div class=\"elementor-post__thumbnail\"><img width=\"300\" height=\"225\" src=\"https:\/\/www.administracionpublica.utalca.cl\/wp-content\/uploads\/2025\/06\/1-300x225.jpeg\" class=\"attachment-medium size-medium wp-image-1890\" alt=\"\" loading=\"lazy\" srcset=\"https:\/\/www.administracionpublica.utalca.cl\/wp-content\/uploads\/2025\/06\/1-300x225.jpeg 300w, https:\/\/www.administracionpublica.utalca.cl\/wp-content\/uploads\/2025\/06\/1-1024x768.jpeg 1024w, https:\/\/www.administracionpublica.utalca.cl\/wp-content\/uploads\/2025\/06\/1-768x576.jpeg 768w, https:\/\/www.administracionpublica.utalca.cl\/wp-content\/uploads\/2025\/06\/1.jpeg 1280w\" sizes=\"(max-width: 300px) 100vw, 300px\" \/><\/div>\n\t\t<\/a>\n\t\t\t\t<div class=\"elementor-post__text\">\n\t\t\t\t<h1 class=\"elementor-post__title\">\n\t\t\t<a href=\"https:\/\/www.administracionpublica.utalca.cl\/?p=1889\" >\n\t\t\t\tEstudiantes de Administraci\u00f3n P\u00fablica Santiago simularon atender un caso en contexto de guerra en Consejo de Seguridad de Naciones Unidas\t\t\t<\/a>\n\t\t<\/h1>\n\t\t\n\t\t<a class=\"elementor-post__read-more\" href=\"https:\/\/www.administracionpublica.utalca.cl\/?p=1889\" >\n\t\t\t<button class=\"ver_mas btn-md\">VER M\u00c1S<\/button>\t\t<\/a>\n\n\t\t\t\t<\/div>\n\t\t\t\t<\/article>\n\t\t\t\t<article class=\"elementor-post elementor-grid-item post-1883 post type-post status-publish format-standard has-post-thumbnail hentry category-noticias\">\n\t\t\t\t<a class=\"elementor-post__thumbnail__link\" href=\"https:\/\/www.administracionpublica.utalca.cl\/?p=1883\" >\n\t\t\t<div class=\"elementor-post__thumbnail\"><img width=\"300\" height=\"169\" src=\"https:\/\/www.administracionpublica.utalca.cl\/wp-content\/uploads\/2025\/06\/Portada-sin-titulo-300x169.jpg\" class=\"attachment-medium size-medium wp-image-1884\" alt=\"\" loading=\"lazy\" srcset=\"https:\/\/www.administracionpublica.utalca.cl\/wp-content\/uploads\/2025\/06\/Portada-sin-titulo-300x169.jpg 300w, https:\/\/www.administracionpublica.utalca.cl\/wp-content\/uploads\/2025\/06\/Portada-sin-titulo-1024x576.jpg 1024w, https:\/\/www.administracionpublica.utalca.cl\/wp-content\/uploads\/2025\/06\/Portada-sin-titulo-768x432.jpg 768w, https:\/\/www.administracionpublica.utalca.cl\/wp-content\/uploads\/2025\/06\/Portada-sin-titulo-1536x864.jpg 1536w, https:\/\/www.administracionpublica.utalca.cl\/wp-content\/uploads\/2025\/06\/Portada-sin-titulo.jpg 1920w\" sizes=\"(max-width: 300px) 100vw, 300px\" \/><\/div>\n\t\t<\/a>\n\t\t\t\t<div class=\"elementor-post__text\">\n\t\t\t\t<h1 class=\"elementor-post__title\">\n\t\t\t<a href=\"https:\/\/www.administracionpublica.utalca.cl\/?p=1883\" >\n\t\t\t\tEstudiantes de intercambio durante primer semestre de 2025 destacaron su estad\u00eda en la Facultad\t\t\t<\/a>\n\t\t<\/h1>\n\t\t\n\t\t<a class=\"elementor-post__read-more\" href=\"https:\/\/www.administracionpublica.utalca.cl\/?p=1883\" >\n\t\t\t<button class=\"ver_mas btn-md\">VER M\u00c1S<\/button>\t\t<\/a>\n\n\t\t\t\t<\/div>\n\t\t\t\t<\/article>\n\t\t\t\t<\/div>\n\t\t\n\t\t\t\t<\/div>\n\t\t\t\t<\/div>\n\t\t\t\t\t<\/div>\n\t\t<\/div>\n\t\t\t\t\t\t\t<\/div>\n\t\t<\/section>\n\t\t\t\t\t\t\t<\/div>\n\t\t","protected":false},"excerpt":{"rendered":"<p>Administraci\u00f3n P\u00fablica Santiago celebr\u00f3 titulaci\u00f3n de 23 nuevos egresadosEstudiantes de Administraci\u00f3n P\u00fablica participaron en el 37\u00b0 Congreso Nacional de la FENEAPLa carrera de Administraci\u00f3n P\u00fablica<\/p>\n","protected":false},"author":1,"featured_media":0,"parent":0,"menu_order":0,"comment_status":"closed","ping_status":"open","template":"","meta":[],"_links":{"self":[{"href":"https:\/\/www.administracionpublica.utalca.cl\/index.php?rest_route=\/wp\/v2\/pages\/2"}],"collection":[{"href":"https:\/\/www.administracionpublica.utalca.cl\/index.php?rest_route=\/wp\/v2\/pages"}],"about":[{"href":"https:\/\/www.administracionpublica.utalca.cl\/index.php?rest_route=\/wp\/v2\/types\/page"}],"author":[{"embeddable":true,"href":"https:\/\/www.administracionpublica.utalca.cl\/index.php?rest_route=\/wp\/v2\/users\/1"}],"replies":[{"embeddable":true,"href":"https:\/\/www.administracionpublica.utalca.cl\/index.php?rest_route=%2Fwp%2Fv2%2Fcomments&post=2"}],"version-history":[{"count":618,"href":"https:\/\/www.administracionpublica.utalca.cl\/index.php?rest_route=\/wp\/v2\/pages\/2\/revisions"}],"predecessor-version":[{"id":1939,"href":"https:\/\/www.administracionpublica.utalca.cl\/index.php?rest_route=\/wp\/v2\/pages\/2\/revisions\/1939"}],"wp:attachment":[{"href":"https:\/\/www.administracionpublica.utalca.cl\/index.php?rest_route=%2Fwp%2Fv2%2Fmedia&parent=2"}],"curies":[{"name":"wp","href":"https:\/\/api.w.org\/{rel}","templated":true}]}}